{"id":1798,"date":"2021-10-14T16:18:23","date_gmt":"2021-10-14T13:18:23","guid":{"rendered":"https:\/\/test.artmedia.ee\/lovirahu2021\/elupinnad\/?page_id=1798"},"modified":"2025-05-07T14:28:27","modified_gmt":"2025-05-07T11:28:27","slug":"vesipapi-ehitusest","status":"publish","type":"page","link":"https:\/\/lovirahu.astlanda.ee\/elupinnad\/ehitusest\/vesipapi-ehitusest\/","title":{"rendered":"Vesipapi ehitusest"},"content":{"rendered":"\n<div class=\"wp-block-columns is-layout-flex wp-container-core-columns-is-layout-1 wp-block-columns-is-layout-flex\">\n<div class=\"wp-block-column is-layout-flow wp-block-column-is-layout-flow\">\n<p class=\"wp-el\">Vesipapi 2,4,6 ja 8 majadesse ehitame kokku 149 uut kodu.<\/p>\n\n\n\n<p class=\"wp-el\">Vesipapi 2 on t\u00e4ies mahus \u00e4rifunktsiooniga. Vesipapi 4, 6 ja 8 kinnistutel on alates kolmandast korrusest&nbsp;planeeritud&nbsp;korterid.<\/p>\n\n\n\n<p class=\"wp-el\">Viimaste esimesele- ja teisele korrusele,&nbsp;Mustam\u00e4e tee serva,&nbsp;on kavandatud \u00e4ripinnad. Vesipapi 6 ja 8 teisel korrusel asuvad ka k\u00fclaliskorterid.<\/p>\n<\/div>\n\n\n\n<div class=\"wp-block-column is-layout-flow wp-block-column-is-layout-flow\">\n<p class=\"wp-el\">\u00c4ripindadele on tagatud parkimine Mustam\u00e4e tee&nbsp;\u00e4\u00e4res&nbsp;asuval parkimisalal. Korterite parkimine on lahendatud maa-aluse parkimisena.&nbsp;K\u00f5ik neli&nbsp;hoonet&nbsp;on&nbsp;omavahel&nbsp;\u00fchendatud sooja&nbsp;maa-aluse parkimiskorrusega, korterite panipaigad on planeeritud nii garaa\u017eikorrusele kui ka teisele teisele korrusele.<\/p>\n\n\n\n<p class=\"wp-el\">Ehitatavate elamutega piirneb  pargiala,&nbsp;kuhu on rajatud m\u00e4nguv\u00e4ljak&nbsp;ning&nbsp;puhke- ja haljasalad.<\/p>\n<\/div>\n<\/div>\n\n\n<h2 id=\"detailid\" class=\"wp-el styled-heading text-secondary-alt overflow-hidden style-line\"><span class=\"d-inline-block position-relative position-relative\">Korterite viimistlus<\/span><\/h2>\n\n\n<div class=\"wp-block-columns is-layout-flex wp-container-core-columns-is-layout-2 wp-block-columns-is-layout-flex\">\n<div class=\"wp-block-column is-layout-flow wp-block-column-is-layout-flow\"><h4 id=\"acf-block_e3d70c527dd5e7f675880bf45960206e\" class=\"wp-el styled-heading text-primary overflow-hidden style-leaf\"><span class=\"d-flex flex-wrap align-items-center justify-content-center h-icon\"><svg class=\"d-block\" xmlns=\"http:\/\/www.w3.org\/2000\/svg\" width=\"24\" height=\"22.323\" viewBox=\"0 0 24 22.323\"><path d=\"M107.505,53.768V55.93c0,4.973-.216,7.784-1.513,9.73a9.565,9.565,0,0,1-6.487,2.811,23.441,23.441,0,0,1-9.3-1.514,17.463,17.463,0,0,0-4.108-.649,20.1,20.1,0,0,0,1.081-2.162h0c3.243-9.081,6.27-13.189,11.243-15.351A46.344,46.344,0,0,1,108.8,46.416c.432,0,.865-.216,1.3-.216a11.184,11.184,0,0,0-2.595,7.568\" transform=\"translate(-86.1 -46.2)\" fill=\"#829a61\"\/><\/svg><\/span><span class=\"d-inline-block position-relative position-relative\">Korterite p\u00f5randad<\/span><\/h4>\n\n\n<p class=\"wp-el\">Korterite p\u00f5randaid katab&nbsp;naturaalne laudparkett, mille kujundus vastab valitud siseviimistluspaketile. Parketti saadab sobivas toonis puidust p\u00f5randaliist. Kodude esikute ja san.ruumide p\u00f5randad on kaetud keraamilise plaadiga vastavalt valitud siseviimistluspaketile.<\/p>\n<\/div>\n\n\n\n<div class=\"wp-block-column is-layout-flow wp-block-column-is-layout-flow\"><h4 id=\"acf-block_c462f42f0df2a0103758c2de9238753d\" class=\"wp-el styled-heading text-primary overflow-hidden style-leaf\"><span class=\"d-flex flex-wrap align-items-center justify-content-center h-icon\"><svg class=\"d-block\" xmlns=\"http:\/\/www.w3.org\/2000\/svg\" width=\"24\" height=\"22.323\" viewBox=\"0 0 24 22.323\"><path d=\"M107.505,53.768V55.93c0,4.973-.216,7.784-1.513,9.73a9.565,9.565,0,0,1-6.487,2.811,23.441,23.441,0,0,1-9.3-1.514,17.463,17.463,0,0,0-4.108-.649,20.1,20.1,0,0,0,1.081-2.162h0c3.243-9.081,6.27-13.189,11.243-15.351A46.344,46.344,0,0,1,108.8,46.416c.432,0,.865-.216,1.3-.216a11.184,11.184,0,0,0-2.595,7.568\" transform=\"translate(-86.1 -46.2)\" fill=\"#829a61\"\/><\/svg><\/span><span class=\"d-inline-block position-relative position-relative\">Korterite laed<\/span><\/h4>\n\n\n<p class=\"wp-el\">Korterite laed on valgeks v\u00e4rvitud \u00f5\u00f5nespaneelidest V-vuugiga vahelaed. Sanitaarruumides ja korteri nendes osades, kus paiknevad kommunikatsioonid (ventilatsioonitorud, kaablid jms) on s\u00fcvistatud valgustitega kipsplaadist ripplagi.<\/p>\n<\/div>\n\n\n\n<div class=\"wp-block-column is-layout-flow wp-block-column-is-layout-flow\"><h4 id=\"acf-block_7319035de9eef97f6af1454cbe99a8c4\" class=\"wp-el styled-heading text-primary overflow-hidden style-leaf\"><span class=\"d-flex flex-wrap align-items-center justify-content-center h-icon\"><svg class=\"d-block\" xmlns=\"http:\/\/www.w3.org\/2000\/svg\" width=\"24\" height=\"22.323\" viewBox=\"0 0 24 22.323\"><path d=\"M107.505,53.768V55.93c0,4.973-.216,7.784-1.513,9.73a9.565,9.565,0,0,1-6.487,2.811,23.441,23.441,0,0,1-9.3-1.514,17.463,17.463,0,0,0-4.108-.649,20.1,20.1,0,0,0,1.081-2.162h0c3.243-9.081,6.27-13.189,11.243-15.351A46.344,46.344,0,0,1,108.8,46.416c.432,0,.865-.216,1.3-.216a11.184,11.184,0,0,0-2.595,7.568\" transform=\"translate(-86.1 -46.2)\" fill=\"#829a61\"\/><\/svg><\/span><span class=\"d-inline-block position-relative position-relative\">Korterite seinad<\/span><\/h4>\n\n\n<p class=\"wp-el\">Korterite v\u00e4lisseinad on kolmekihilistest raudbetoonpaneelidest,&nbsp;kogupaksusega 460 kuni 510 mm. V\u00e4lisseinte U-arv 0,17 kuni 0,19 W\/(m\u00b2K).<br>K\u00fclaliskorterite seinte konstruktsioon: 150 mm kergblokk Bauroc Acoustic, 30 mm mineraalvill, 20 mm \u00f5hkvahe, 100 mm kergblokk Bauroc Element.<\/p>\n\n\n\n<p class=\"wp-el\">Korterite vahelised&nbsp;seinad on 200mm monteeritavatest raudbetoonpaneelidest.<\/p>\n\n\n\n<p class=\"wp-el\">\u0160ahtide seintes kasutatakse 150 mm Aeroc\u00b4i kergplokke.<\/p>\n<\/div>\n<\/div>\n\n\n<h2 id=\"acf-block_d0b14b80023b99e08bbd27f4442a687d\" class=\"wp-el styled-heading text-secondary-alt overflow-hidden style-line\"><span class=\"d-inline-block position-relative position-relative\">Tehniline lahendus<\/span><\/h2>\n\n\n<div class=\"wp-block-columns is-layout-flex wp-container-core-columns-is-layout-3 wp-block-columns-is-layout-flex\">\n<div class=\"wp-block-column is-layout-flow wp-block-column-is-layout-flow\"><h4 id=\"acf-block_2f9f99b95a1ec52a939e8af69b9fab80\" class=\"wp-el styled-heading text-primary overflow-hidden style-leaf\"><span class=\"d-flex flex-wrap align-items-center justify-content-center h-icon\"><svg class=\"d-block\" xmlns=\"http:\/\/www.w3.org\/2000\/svg\" width=\"24\" height=\"22.323\" viewBox=\"0 0 24 22.323\"><path d=\"M107.505,53.768V55.93c0,4.973-.216,7.784-1.513,9.73a9.565,9.565,0,0,1-6.487,2.811,23.441,23.441,0,0,1-9.3-1.514,17.463,17.463,0,0,0-4.108-.649,20.1,20.1,0,0,0,1.081-2.162h0c3.243-9.081,6.27-13.189,11.243-15.351A46.344,46.344,0,0,1,108.8,46.416c.432,0,.865-.216,1.3-.216a11.184,11.184,0,0,0-2.595,7.568\" transform=\"translate(-86.1 -46.2)\" fill=\"#829a61\"\/><\/svg><\/span><span class=\"d-inline-block position-relative position-relative\">K\u00fcte<\/span><\/h4>\n\n\n<p class=\"wp-el\">Hooned&nbsp;on \u00fchendatud kaugk\u00fcttev\u00f5rku. Korterites on soojuse \u00fchtlasemaks jaotamiseks vesip\u00f5randak\u00fcte, mille juhtimine toimub ruumip\u00f5histe digitaalsete termostaatidega. K\u00fcttekollektorid paiknevad \u00fcldjuhul esikus riietekapi ni\u0161is, kui projektis ei ole ette n\u00e4htud teisiti. Vannitubade p\u00f5randad on lahendatud elektrilise p\u00f5randak\u00fcttega. Iga korter on varustatud individuaalse kaugloetava soojusarvestiga.<\/p>\n<\/div>\n\n\n\n<div class=\"wp-block-column is-layout-flow wp-block-column-is-layout-flow\"><h4 id=\"acf-block_2a35f7f12b718b0039a5e6037b7bb3af\" class=\"wp-el styled-heading text-primary overflow-hidden style-leaf\"><span class=\"d-flex flex-wrap align-items-center justify-content-center h-icon\"><svg class=\"d-block\" xmlns=\"http:\/\/www.w3.org\/2000\/svg\" width=\"24\" height=\"22.323\" viewBox=\"0 0 24 22.323\"><path d=\"M107.505,53.768V55.93c0,4.973-.216,7.784-1.513,9.73a9.565,9.565,0,0,1-6.487,2.811,23.441,23.441,0,0,1-9.3-1.514,17.463,17.463,0,0,0-4.108-.649,20.1,20.1,0,0,0,1.081-2.162h0c3.243-9.081,6.27-13.189,11.243-15.351A46.344,46.344,0,0,1,108.8,46.416c.432,0,.865-.216,1.3-.216a11.184,11.184,0,0,0-2.595,7.568\" transform=\"translate(-86.1 -46.2)\" fill=\"#829a61\"\/><\/svg><\/span><span class=\"d-inline-block position-relative position-relative\">Ventilatsioon<\/span><\/h4>\n\n\n<p class=\"wp-el\">Ventilatsioon on lahendatud igas korteris asuva individuaalse soojustagastusega (rootor) sissepuhke-v\u00e4ljat\u00f5mbes\u00fcsteemiga. Ventilatsiooniagregaat asub kas vannitoas pesumasina kohal, majandusruumis v\u00f5i sanitaarruumis ripplae taga. Agregaadi t\u00e4pne asukoht on m\u00e4\u00e4ratud projektis. Ventilatsiooniagregaat on juhitav esikus asuva digitaalse juhtimispuldi kaudu.<\/p>\n<\/div>\n\n\n\n<div class=\"wp-block-column is-layout-flow wp-block-column-is-layout-flow\"><h4 id=\"acf-block_092dc75dd1ec7e55ed27610b914cf8d3\" class=\"wp-el styled-heading text-primary overflow-hidden style-leaf\"><span class=\"d-flex flex-wrap align-items-center justify-content-center h-icon\"><svg class=\"d-block\" xmlns=\"http:\/\/www.w3.org\/2000\/svg\" width=\"24\" height=\"22.323\" viewBox=\"0 0 24 22.323\"><path d=\"M107.505,53.768V55.93c0,4.973-.216,7.784-1.513,9.73a9.565,9.565,0,0,1-6.487,2.811,23.441,23.441,0,0,1-9.3-1.514,17.463,17.463,0,0,0-4.108-.649,20.1,20.1,0,0,0,1.081-2.162h0c3.243-9.081,6.27-13.189,11.243-15.351A46.344,46.344,0,0,1,108.8,46.416c.432,0,.865-.216,1.3-.216a11.184,11.184,0,0,0-2.595,7.568\" transform=\"translate(-86.1 -46.2)\" fill=\"#829a61\"\/><\/svg><\/span><span class=\"d-inline-block position-relative position-relative\">Soe vesi<\/span><\/h4>\n\n\n<p class=\"wp-el\">Soe vesi saadakse soojas\u00f5lmest soojusvaheti abil. Igal korteril on eraldi kaugloetavad m\u00f5\u00f5tjad nii k\u00fclma&nbsp;kui ka sooja vee jaoks. Pesumasina \u00fchenduste ettevalmistus on teostatud vastavalt projektile&nbsp;kas&nbsp;sanitaarruumis v\u00f5i majapidamisruumis.<\/p>\n<\/div>\n<\/div>\n\n\n\n<div class=\"wp-block-columns is-layout-flex wp-container-core-columns-is-layout-4 wp-block-columns-is-layout-flex\">\n<div class=\"wp-block-column is-layout-flow wp-block-column-is-layout-flow\"><h4 id=\"acf-block_37c13e355bbf93b96bd42d4c7eeb9034\" class=\"wp-el styled-heading text-primary overflow-hidden style-leaf\"><span class=\"d-flex flex-wrap align-items-center justify-content-center h-icon\"><svg class=\"d-block\" xmlns=\"http:\/\/www.w3.org\/2000\/svg\" width=\"24\" height=\"22.323\" viewBox=\"0 0 24 22.323\"><path d=\"M107.505,53.768V55.93c0,4.973-.216,7.784-1.513,9.73a9.565,9.565,0,0,1-6.487,2.811,23.441,23.441,0,0,1-9.3-1.514,17.463,17.463,0,0,0-4.108-.649,20.1,20.1,0,0,0,1.081-2.162h0c3.243-9.081,6.27-13.189,11.243-15.351A46.344,46.344,0,0,1,108.8,46.416c.432,0,.865-.216,1.3-.216a11.184,11.184,0,0,0-2.595,7.568\" transform=\"translate(-86.1 -46.2)\" fill=\"#829a61\"\/><\/svg><\/span><span class=\"d-inline-block position-relative position-relative\">Elektripaigaldis<\/span><\/h4>\n\n\n<p class=\"wp-el\">Sanitaarruumide ja esikute kipsplaadist ripplagedesse on paigaldatud LED-valgustid. Tubades on olemas kaabeldus valgustitele. Valgustid hangib ja paigaldab korteri omanik.&nbsp;&nbsp;<\/p>\n<\/div>\n\n\n\n<div class=\"wp-block-column is-layout-flow wp-block-column-is-layout-flow\"><h4 id=\"acf-block_f9b72c67268c47f15ae3a7e99677bed4\" class=\"wp-el styled-heading text-primary overflow-hidden style-leaf\"><span class=\"d-flex flex-wrap align-items-center justify-content-center h-icon\"><svg class=\"d-block\" xmlns=\"http:\/\/www.w3.org\/2000\/svg\" width=\"24\" height=\"22.323\" viewBox=\"0 0 24 22.323\"><path d=\"M107.505,53.768V55.93c0,4.973-.216,7.784-1.513,9.73a9.565,9.565,0,0,1-6.487,2.811,23.441,23.441,0,0,1-9.3-1.514,17.463,17.463,0,0,0-4.108-.649,20.1,20.1,0,0,0,1.081-2.162h0c3.243-9.081,6.27-13.189,11.243-15.351A46.344,46.344,0,0,1,108.8,46.416c.432,0,.865-.216,1.3-.216a11.184,11.184,0,0,0-2.595,7.568\" transform=\"translate(-86.1 -46.2)\" fill=\"#829a61\"\/><\/svg><\/span><span class=\"d-inline-block position-relative position-relative\">R\u00f5dud ja terrassid<\/span><\/h4>\n\n\n<p class=\"wp-el\">R\u00f5dude piirded on valmistatud vastupidavast karastatud ja lamineeritud klaasist. R\u00f5dude p\u00f5randad j\u00e4\u00e4vad betoonviimistlusega. Terrasside p\u00f5randad on kaetud laudisega ning kividega.&nbsp;R\u00f5dude laeviimistluseks on v\u00e4rvitud betoonipind.<\/p>\n<\/div>\n\n\n\n<div class=\"wp-block-column is-layout-flow wp-block-column-is-layout-flow\"><h4 id=\"acf-block_18ae4e745e0ebbabcff3a567e18f916a\" class=\"wp-el styled-heading text-primary overflow-hidden style-leaf\"><span class=\"d-flex flex-wrap align-items-center justify-content-center h-icon\"><svg class=\"d-block\" xmlns=\"http:\/\/www.w3.org\/2000\/svg\" width=\"24\" height=\"22.323\" viewBox=\"0 0 24 22.323\"><path d=\"M107.505,53.768V55.93c0,4.973-.216,7.784-1.513,9.73a9.565,9.565,0,0,1-6.487,2.811,23.441,23.441,0,0,1-9.3-1.514,17.463,17.463,0,0,0-4.108-.649,20.1,20.1,0,0,0,1.081-2.162h0c3.243-9.081,6.27-13.189,11.243-15.351A46.344,46.344,0,0,1,108.8,46.416c.432,0,.865-.216,1.3-.216a11.184,11.184,0,0,0-2.595,7.568\" transform=\"translate(-86.1 -46.2)\" fill=\"#829a61\"\/><\/svg><\/span><span class=\"d-inline-block position-relative position-relative\">Aknad<\/span><\/h4>\n\n\n<p class=\"wp-el\">Korterite aknad ja r\u00f5duuksed on PVC-profiilidel keskmise U-arvuga 0,8 W\/(m\u00b2K). Klaaspaketi p\u00e4ikesefaktor l\u00f5una-&nbsp;ja l\u00e4\u00e4nefassaadide ruumidel on g=0,36. Vesipapi 8 igas korteris on \u00fckse aken ette n\u00e4htud suitsu eemaldamiseks tulekahju korral ning selle otstarbeks varustatud vastava avanemismehhanismiga.<\/p>\n<\/div>\n<\/div>\n\n\n\n<div class=\"wp-block-columns is-layout-flex wp-container-core-columns-is-layout-5 wp-block-columns-is-layout-flex\">\n<div class=\"wp-block-column is-layout-flow wp-block-column-is-layout-flow\"><h4 id=\"acf-block_79e433298bb62f91a05d776c1463bf41\" class=\"wp-el styled-heading text-primary overflow-hidden style-leaf\"><span class=\"d-flex flex-wrap align-items-center justify-content-center h-icon\"><svg class=\"d-block\" xmlns=\"http:\/\/www.w3.org\/2000\/svg\" width=\"24\" height=\"22.323\" viewBox=\"0 0 24 22.323\"><path d=\"M107.505,53.768V55.93c0,4.973-.216,7.784-1.513,9.73a9.565,9.565,0,0,1-6.487,2.811,23.441,23.441,0,0,1-9.3-1.514,17.463,17.463,0,0,0-4.108-.649,20.1,20.1,0,0,0,1.081-2.162h0c3.243-9.081,6.27-13.189,11.243-15.351A46.344,46.344,0,0,1,108.8,46.416c.432,0,.865-.216,1.3-.216a11.184,11.184,0,0,0-2.595,7.568\" transform=\"translate(-86.1 -46.2)\" fill=\"#829a61\"\/><\/svg><\/span><span class=\"d-inline-block position-relative position-relative\">Uksed<\/span><\/h4>\n\n\n<p class=\"wp-el\">Korterite v\u00e4lisuksed on spooniga kaetud EI30 tulekindlusega puituksed.<\/p>\n\n\n\n<p class=\"wp-el\">Korterite siseuksed on erineva viimistlusega kerguksed, vastavalt valitud siseviimistluspaketile.<\/p>\n\n\n\n<p class=\"wp-el\">Saunauksed on puidust k\u00e4epidemega l\u00e4bipaistvad klaasuksed.<\/p>\n\n\n\n<p class=\"wp-el\">Hoone peasissep\u00e4\u00e4sude uksed on alumiiniumprofiilis klaasuksed kahekordse klaasiga.<\/p>\n\n\n\n<p class=\"wp-el\">Hoone garaa\u017eikorruse ja tehnoruumide uksed on v\u00e4rvitud metallturvauksed.<\/p>\n\n\n\n<p class=\"wp-el\">Panipaikade uksed on metallraamil plekkuksed.<\/p>\n<\/div>\n\n\n\n<div class=\"wp-block-column is-layout-flow wp-block-column-is-layout-flow\"><h4 id=\"acf-block_fc0b38b8800dbe5e7b07c75474994285\" class=\"wp-el styled-heading text-primary overflow-hidden style-leaf\"><span class=\"d-flex flex-wrap align-items-center justify-content-center h-icon\"><svg class=\"d-block\" xmlns=\"http:\/\/www.w3.org\/2000\/svg\" width=\"24\" height=\"22.323\" viewBox=\"0 0 24 22.323\"><path d=\"M107.505,53.768V55.93c0,4.973-.216,7.784-1.513,9.73a9.565,9.565,0,0,1-6.487,2.811,23.441,23.441,0,0,1-9.3-1.514,17.463,17.463,0,0,0-4.108-.649,20.1,20.1,0,0,0,1.081-2.162h0c3.243-9.081,6.27-13.189,11.243-15.351A46.344,46.344,0,0,1,108.8,46.416c.432,0,.865-.216,1.3-.216a11.184,11.184,0,0,0-2.595,7.568\" transform=\"translate(-86.1 -46.2)\" fill=\"#829a61\"\/><\/svg><\/span><span class=\"d-inline-block position-relative position-relative\">Lukud ja l\u00e4bip\u00e4\u00e4sus\u00fcsteemid<\/span><\/h4>\n\n\n<p class=\"wp-el\">Korterite v\u00e4lisuksed on varustatud turvalukuga. Igal panipaigal on omaette v\u00f5ti.<\/p>\n\n\n\n<p class=\"wp-el\">Hoone peauksed on varustatud nii luku kui ka elektroonilise kiibis\u00fcsteemiga.<\/p>\n\n\n\n<p class=\"wp-el\">Garaa\u017ei sisses\u00f5idu uksed avanevad puldi abil.<br>Hoonete peasissep\u00e4\u00e4sud on varustatud videofonos\u00fcsteemiga.<\/p>\n<\/div>\n\n\n\n<div class=\"wp-block-column is-layout-flow wp-block-column-is-layout-flow\"><h4 id=\"acf-block_b03056eba3e5dd34d6e363153a49be76\" class=\"wp-el styled-heading text-primary overflow-hidden style-leaf\"><span class=\"d-flex flex-wrap align-items-center justify-content-center h-icon\"><svg class=\"d-block\" xmlns=\"http:\/\/www.w3.org\/2000\/svg\" width=\"24\" height=\"22.323\" viewBox=\"0 0 24 22.323\"><path d=\"M107.505,53.768V55.93c0,4.973-.216,7.784-1.513,9.73a9.565,9.565,0,0,1-6.487,2.811,23.441,23.441,0,0,1-9.3-1.514,17.463,17.463,0,0,0-4.108-.649,20.1,20.1,0,0,0,1.081-2.162h0c3.243-9.081,6.27-13.189,11.243-15.351A46.344,46.344,0,0,1,108.8,46.416c.432,0,.865-.216,1.3-.216a11.184,11.184,0,0,0-2.595,7.568\" transform=\"translate(-86.1 -46.2)\" fill=\"#829a61\"\/><\/svg><\/span><span class=\"d-inline-block position-relative position-relative\">Liftid<\/span><\/h4>\n\n\n<p class=\"wp-el\">K\u00f5ikidesse L\u00f5virahu elamurajooni kodudesse on planeeritud ka liftid.<\/p>\n\n\n\n<p class=\"wp-el\">Liftide tehnilised n\u00e4itajad on j\u00e4rgnevad:<\/p>\n\n\n\n<p class=\"wp-el\">&#8211; Vastavad ohutusstandardile EVS-EN81-20\/50 ja EVS-EN81-72.<\/p>\n\n\n\n<p class=\"wp-el\">&#8211; T\u00f5stej\u00f5ud 1000 kg ehk 13 inimest<\/p>\n\n\n\n<p class=\"wp-el\">&#8211; Nimikiirus 1,6 m\/s<\/p>\n\n\n\n<p class=\"wp-el\">&#8211; Ukse m\u00f5\u00f5dud 900 mm x 2100 mm<\/p>\n\n\n\n<p class=\"wp-el\">&#8211; Kabiini m\u00f5\u00f5dud 1100 x 2100 x 2200 mm<br><br><\/p>\n<\/div>\n<\/div>\n\n\n\n<div class=\"wp-block-columns is-layout-flex wp-container-core-columns-is-layout-6 wp-block-columns-is-layout-flex\">\n<div class=\"wp-block-column is-layout-flow wp-block-column-is-layout-flow\"><h4 id=\"acf-block_3f1078c083036c68e83d46e0112cf1d0\" class=\"wp-el styled-heading text-primary overflow-hidden style-leaf\"><span class=\"d-flex flex-wrap align-items-center justify-content-center h-icon\"><svg class=\"d-block\" xmlns=\"http:\/\/www.w3.org\/2000\/svg\" width=\"24\" height=\"22.323\" viewBox=\"0 0 24 22.323\"><path d=\"M107.505,53.768V55.93c0,4.973-.216,7.784-1.513,9.73a9.565,9.565,0,0,1-6.487,2.811,23.441,23.441,0,0,1-9.3-1.514,17.463,17.463,0,0,0-4.108-.649,20.1,20.1,0,0,0,1.081-2.162h0c3.243-9.081,6.27-13.189,11.243-15.351A46.344,46.344,0,0,1,108.8,46.416c.432,0,.865-.216,1.3-.216a11.184,11.184,0,0,0-2.595,7.568\" transform=\"translate(-86.1 -46.2)\" fill=\"#829a61\"\/><\/svg><\/span><span class=\"d-inline-block position-relative position-relative\">\u00dcldruumide siseviimistlus<\/span><\/h4>\n\n\n<p class=\"wp-el\">Trepikodade p\u00f5randad ja trepid on kaetud keraamiliste plaatidega. Keldrikorruse ruumide p\u00f5randakatteks on tolmuvaba betoon. Trepikoja seinad, lagi ning mademete ja treppide alumised pinnad ja k\u00fcljed on v\u00e4rvitud. Trepi piirded on terasest. Keldrikorruse parkimistasandi seinad on betoonpinna viimistlusega. Keldrikorruse k\u00f5ikides ruumides on tehnos\u00fcsteemid n\u00e4htavad.<\/p>\n<\/div>\n\n\n\n<div class=\"wp-block-column is-layout-flow wp-block-column-is-layout-flow\"><h4 id=\"acf-block_320b18e27f9ef1afddcb399b450a7437\" class=\"wp-el styled-heading text-primary overflow-hidden style-leaf\"><span class=\"d-flex flex-wrap align-items-center justify-content-center h-icon\"><svg class=\"d-block\" xmlns=\"http:\/\/www.w3.org\/2000\/svg\" width=\"24\" height=\"22.323\" viewBox=\"0 0 24 22.323\"><path d=\"M107.505,53.768V55.93c0,4.973-.216,7.784-1.513,9.73a9.565,9.565,0,0,1-6.487,2.811,23.441,23.441,0,0,1-9.3-1.514,17.463,17.463,0,0,0-4.108-.649,20.1,20.1,0,0,0,1.081-2.162h0c3.243-9.081,6.27-13.189,11.243-15.351A46.344,46.344,0,0,1,108.8,46.416c.432,0,.865-.216,1.3-.216a11.184,11.184,0,0,0-2.595,7.568\" transform=\"translate(-86.1 -46.2)\" fill=\"#829a61\"\/><\/svg><\/span><span class=\"d-inline-block position-relative position-relative\">\u00dcldruumide seinad<\/span><\/h4>\n\n\n<p class=\"wp-el\">Keldrikorruse ruumide vaheseinad on laotud kergbetoonplokkidest. Panipaikade seinte \u00fclaosad ustest k\u00f5rgemal on metall-v\u00f5reseinad.<\/p>\n<\/div>\n\n\n\n<div class=\"wp-block-column is-layout-flow wp-block-column-is-layout-flow\"><h4 id=\"acf-block_af862fa7121aedc483376386e06c8f6c\" class=\"wp-el styled-heading text-primary overflow-hidden style-leaf\"><span class=\"d-flex flex-wrap align-items-center justify-content-center h-icon\"><svg class=\"d-block\" xmlns=\"http:\/\/www.w3.org\/2000\/svg\" width=\"24\" height=\"22.323\" viewBox=\"0 0 24 22.323\"><path d=\"M107.505,53.768V55.93c0,4.973-.216,7.784-1.513,9.73a9.565,9.565,0,0,1-6.487,2.811,23.441,23.441,0,0,1-9.3-1.514,17.463,17.463,0,0,0-4.108-.649,20.1,20.1,0,0,0,1.081-2.162h0c3.243-9.081,6.27-13.189,11.243-15.351A46.344,46.344,0,0,1,108.8,46.416c.432,0,.865-.216,1.3-.216a11.184,11.184,0,0,0-2.595,7.568\" transform=\"translate(-86.1 -46.2)\" fill=\"#829a61\"\/><\/svg><\/span><span class=\"d-inline-block position-relative position-relative\">Trepid<\/span><\/h4>\n\n\n<p class=\"wp-el\">Hoonesisesed trepid on monteeritavatest raudbetoonelementidest, mis viimistletakse keraamiliste plaatidega.<\/p>\n<\/div>\n<\/div>\n\n\n\n<div class=\"wp-block-columns is-layout-flex wp-container-core-columns-is-layout-7 wp-block-columns-is-layout-flex\">\n<div class=\"wp-block-column is-layout-flow wp-block-column-is-layout-flow\"><h4 id=\"acf-block_6bd349f9fdb63d391f41584db2251f16\" class=\"wp-el styled-heading text-primary overflow-hidden style-leaf\"><span class=\"d-flex flex-wrap align-items-center justify-content-center h-icon\"><svg class=\"d-block\" xmlns=\"http:\/\/www.w3.org\/2000\/svg\" width=\"24\" height=\"22.323\" viewBox=\"0 0 24 22.323\"><path d=\"M107.505,53.768V55.93c0,4.973-.216,7.784-1.513,9.73a9.565,9.565,0,0,1-6.487,2.811,23.441,23.441,0,0,1-9.3-1.514,17.463,17.463,0,0,0-4.108-.649,20.1,20.1,0,0,0,1.081-2.162h0c3.243-9.081,6.27-13.189,11.243-15.351A46.344,46.344,0,0,1,108.8,46.416c.432,0,.865-.216,1.3-.216a11.184,11.184,0,0,0-2.595,7.568\" transform=\"translate(-86.1 -46.2)\" fill=\"#829a61\"\/><\/svg><\/span><span class=\"d-inline-block position-relative position-relative\">Katus\/katuslagi<\/span><\/h4>\n\n\n<p class=\"wp-el\">Kortermaja katuslae kandva osa moodustavad 265 mm \u00f5\u00f5nespaneelid. Katuse soojustuse tagamiseks paigaldatakse aurut\u00f5kkel EPS-(Vesipapi 8 mineraalvill) soojustus, mis kaetakse j\u00e4iga mineraalvillplaadiga. Katusekatteks on SBS-kate, mis vastab B-<em>roof<\/em> n\u00f5uetele. Vesipapi 6 katuslae U-arv on 0,09 W\/m\u00b2K ning Vesipapi 8 U-arv on 0,10 W\/m\u00b2K.<\/p>\n<\/div>\n\n\n\n<div class=\"wp-block-column is-layout-flow wp-block-column-is-layout-flow\"><h4 id=\"acf-block_558a0b2132ee97c4349e5f3ed32ecd3c\" class=\"wp-el styled-heading text-primary overflow-hidden style-leaf\"><span class=\"d-flex flex-wrap align-items-center justify-content-center h-icon\"><svg class=\"d-block\" xmlns=\"http:\/\/www.w3.org\/2000\/svg\" width=\"24\" height=\"22.323\" viewBox=\"0 0 24 22.323\"><path d=\"M107.505,53.768V55.93c0,4.973-.216,7.784-1.513,9.73a9.565,9.565,0,0,1-6.487,2.811,23.441,23.441,0,0,1-9.3-1.514,17.463,17.463,0,0,0-4.108-.649,20.1,20.1,0,0,0,1.081-2.162h0c3.243-9.081,6.27-13.189,11.243-15.351A46.344,46.344,0,0,1,108.8,46.416c.432,0,.865-.216,1.3-.216a11.184,11.184,0,0,0-2.595,7.568\" transform=\"translate(-86.1 -46.2)\" fill=\"#829a61\"\/><\/svg><\/span><span class=\"d-inline-block position-relative position-relative\">Vahelaed<\/span><\/h4>\n\n\n<p class=\"wp-el\">\u00dcksteise peal asetsevaid kortereid lahutavad laed on 265 mm \u00f5\u00f5nespaneelidest, millele paigaldatakse isolatsiooniks 50 mm villaplaadid ja 80 mm armeeritud betoonplaat. Vahelae \u00f5hum\u00fcra isolatsiooni indeks on &gt;55 dB ja l\u00f6\u00f6gim\u00fcra indeks \u02c253 dB.<\/p>\n<\/div>\n<\/div>\n\n\n\n<div class=\"wp-block-columns is-layout-flex wp-container-core-columns-is-layout-8 wp-block-columns-is-layout-flex\">\n<div class=\"wp-block-column is-layout-flow wp-block-column-is-layout-flow\" style=\"flex-basis:33.334%\"><h4 id=\"acf-block_3cc926d76c92bb5f7816d8b465a8fc18\" class=\"wp-el styled-heading text-primary overflow-hidden style-leaf\"><span class=\"d-flex flex-wrap align-items-center justify-content-center h-icon\"><svg class=\"d-block\" xmlns=\"http:\/\/www.w3.org\/2000\/svg\" width=\"24\" height=\"22.323\" viewBox=\"0 0 24 22.323\"><path d=\"M107.505,53.768V55.93c0,4.973-.216,7.784-1.513,9.73a9.565,9.565,0,0,1-6.487,2.811,23.441,23.441,0,0,1-9.3-1.514,17.463,17.463,0,0,0-4.108-.649,20.1,20.1,0,0,0,1.081-2.162h0c3.243-9.081,6.27-13.189,11.243-15.351A46.344,46.344,0,0,1,108.8,46.416c.432,0,.865-.216,1.3-.216a11.184,11.184,0,0,0-2.595,7.568\" transform=\"translate(-86.1 -46.2)\" fill=\"#829a61\"\/><\/svg><\/span><span class=\"d-inline-block position-relative position-relative\">Vundament<\/span><\/h4>\n\n\n<p class=\"wp-el\">Hoone vundamendi moodustavad vaivundamendile ehitatud rostv\u00e4rgid.<\/p>\n<\/div>\n<\/div>\n\n\n<div id=\"acf-block_93331b504c6061464ea87b4e976be1f4\" class=\"acf-block-element gallery layout_wide\"><div class=\"gallery\"><figure class=\"gallery-item\"><a href=\"https:\/\/lovirahu.astlanda.ee\/elupinnad\/wp-content\/uploads\/sites\/2\/2021\/10\/fin_05-1-1200x799.jpg\" data-fancybox=\"block_93331b504c6061464ea87b4e976be1f4\"><img decoding=\"async\" width=\"570\" height=\"320\" src=\"https:\/\/lovirahu.astlanda.ee\/elupinnad\/wp-content\/uploads\/sites\/2\/fly-images\/2077\/fin_05-1-570x320-c.jpg\" class=\"attachment-img-570x320\" alt=\"fin_05\" \/><\/a><\/figure><figure class=\"gallery-item\"><a href=\"https:\/\/lovirahu.astlanda.ee\/elupinnad\/wp-content\/uploads\/sites\/2\/2021\/10\/fin_01a-1200x799.jpg\" data-fancybox=\"block_93331b504c6061464ea87b4e976be1f4\"><img decoding=\"async\" width=\"570\" height=\"320\" src=\"https:\/\/lovirahu.astlanda.ee\/elupinnad\/wp-content\/uploads\/sites\/2\/fly-images\/2079\/fin_01a-570x320-c.jpg\" class=\"attachment-img-570x320\" alt=\"fin_01a\" \/><\/a><\/figure><\/div><\/div>","protected":false},"excerpt":{"rendered":"<p>Vesipapi 2,4,6 ja 8 majadesse ehitame kokku 149 uut kodu. Vesipapi 2 on t\u00e4ies mahus \u00e4rifunktsiooniga. Vesipapi 4, 6 ja&#8230;<\/p>\n","protected":false},"author":1,"featured_media":0,"parent":1802,"menu_order":20,"comment_status":"closed","ping_status":"closed","template":"","meta":{"_acf_changed":false,"inline_featured_image":false,"footnotes":""},"acf":[],"_links":{"self":[{"href":"https:\/\/lovirahu.astlanda.ee\/elupinnad\/wp-json\/wp\/v2\/pages\/1798"}],"collection":[{"href":"https:\/\/lovirahu.astlanda.ee\/elupinnad\/wp-json\/wp\/v2\/pages"}],"about":[{"href":"https:\/\/lovirahu.astlanda.ee\/elupinnad\/wp-json\/wp\/v2\/types\/page"}],"author":[{"embeddable":true,"href":"https:\/\/lovirahu.astlanda.ee\/elupinnad\/wp-json\/wp\/v2\/users\/1"}],"replies":[{"embeddable":true,"href":"https:\/\/lovirahu.astlanda.ee\/elupinnad\/wp-json\/wp\/v2\/comments?post=1798"}],"version-history":[{"count":67,"href":"https:\/\/lovirahu.astlanda.ee\/elupinnad\/wp-json\/wp\/v2\/pages\/1798\/revisions"}],"predecessor-version":[{"id":5529,"href":"https:\/\/lovirahu.astlanda.ee\/elupinnad\/wp-json\/wp\/v2\/pages\/1798\/revisions\/5529"}],"up":[{"embeddable":true,"href":"https:\/\/lovirahu.astlanda.ee\/elupinnad\/wp-json\/wp\/v2\/pages\/1802"}],"wp:attachment":[{"href":"https:\/\/lovirahu.astlanda.ee\/elupinnad\/wp-json\/wp\/v2\/media?parent=1798"}],"curies":[{"name":"wp","href":"https:\/\/api.w.org\/{rel}","templated":true}]}}